{"id":4568,"date":"2019-05-07T22:49:34","date_gmt":"2019-05-07T20:49:34","guid":{"rendered":"http:\/\/benk.ch\/soutien-et-coaching-personnalises-adultes\/coaching-adultes-besoins-speciaux\/"},"modified":"2024-03-12T13:00:53","modified_gmt":"2024-03-12T12:00:53","slug":"coaching-adultes-besoins-speciaux","status":"publish","type":"page","link":"https:\/\/www.benk.ch\/en\/soutien-et-coaching-personnalises-adultes\/coaching-adultes-besoins-speciaux\/","title":{"rendered":"Personalized coaching"},"content":{"rendered":"\n\n  <div class=\"banner has-hover\" id=\"banner-1557841373\">\n          <div class=\"banner-inner fill\">\n        <div class=\"banner-bg fill\" >\n            <img loading=\"lazy\" decoding=\"async\" width=\"1020\" height=\"573\" src=\"https:\/\/www.benk.ch\/wp-content\/uploads\/2021\/12\/Copie-de-Design-sans-nom-1030x579.png\" class=\"bg attachment-large size-large\" alt=\"\" \/>                        <div class=\"overlay\"><\/div>            \n                    <\/div>\n\t\t\n        <div class=\"banner-layers container\">\n            <div class=\"fill banner-link\"><\/div>            \n\n   <div id=\"text-box-1867408174\" class=\"text-box banner-layer x50 md-x50 lg-x50 y50 md-y50 lg-y50 res-text\">\n                                <div class=\"text-box-content text dark\">\n              \n              <div class=\"text-inner text-center\">\n                  \n\n\t<div id=\"text-2714956069\" class=\"text\">\n\t\t\n\n<h3 class=\"uppercase\">Personalized coaching<\/h3>\n<p>Special needs<\/p>\n\t\t\n<style>\n#text-2714956069 {\n  line-height: 0.75;\n  text-align: left;\n}\n<\/style>\n\t<\/div>\n\t\n\n              <\/div>\n           <\/div>\n                            \n<style>\n#text-box-1867408174 {\n  width: 97%;\n}\n#text-box-1867408174 .text-box-content {\n  font-size: 100%;\n}\n<\/style>\n    <\/div>\n \n\n        <\/div>\n      <\/div>\n\n            \n<style>\n#banner-1557841373 {\n  padding-top: 150px;\n}\n#banner-1557841373 .overlay {\n  background-color: rgba(0, 0, 0, 0.221);\n}\n#banner-1557841373 .banner-bg img {\n  object-position: 10% 70%;\n}\n<\/style>\n  <\/div>\n\n\n\n\t<section class=\"section\" id=\"section_75315127\">\n\t\t<div class=\"section-bg fill\" >\n\t\t\t\t\t\t\t\t\t\n\t\t\t\n\n\t\t<\/div>\n\n\t\t\n\n\t\t<div class=\"section-content relative\">\n\t\t\t\n\n<div class=\"row align-middle\"  id=\"row-1047174122\">\n\n\n\t<div id=\"col-876612042\" class=\"col medium-5 small-12 large-5\"  >\n\t\t\t\t<div class=\"col-inner\"  >\n\t\t\t\n\t\t\t\n\n\t<div class=\"img has-hover x md-x lg-x y md-y lg-y\" id=\"image_2018348895\">\n\t\t\t\t\t\t\t\t<div class=\"img-inner image-cover dark\" style=\"padding-top:75%;\">\n\t\t\t<img loading=\"lazy\" decoding=\"async\" width=\"1020\" height=\"680\" src=\"https:\/\/www.benk.ch\/wp-content\/uploads\/2019\/09\/32-1030x687.jpg\" class=\"attachment-large size-large\" alt=\"\" srcset=\"https:\/\/www.benk.ch\/wp-content\/uploads\/2019\/09\/32-1030x687.jpg 1030w, https:\/\/www.benk.ch\/wp-content\/uploads\/2019\/09\/32-510x340.jpg 510w, https:\/\/www.benk.ch\/wp-content\/uploads\/2019\/09\/32-300x200.jpg 300w, https:\/\/www.benk.ch\/wp-content\/uploads\/2019\/09\/32-768x512.jpg 768w, https:\/\/www.benk.ch\/wp-content\/uploads\/2019\/09\/32-1500x1000.jpg 1500w, https:\/\/www.benk.ch\/wp-content\/uploads\/2019\/09\/32-705x470.jpg 705w, https:\/\/www.benk.ch\/wp-content\/uploads\/2019\/09\/32.jpg 1920w\" sizes=\"auto, (max-width: 1020px) 100vw, 1020px\" \/>\t\t\t\t\t\t\n\t\t\t\t\t<\/div>\n\t\t\t\t\t\t\t\t\n<style>\n#image_2018348895 {\n  width: 100%;\n}\n<\/style>\n\t<\/div>\n\t\n\n\n\t\t<\/div>\n\t\t\t\t\t<\/div>\n\n\t\n\n\t<div id=\"col-921216585\" class=\"col medium-7 small-12 large-7\"  >\n\t\t\t\t<div class=\"col-inner\"  >\n\t\t\t\n\t\t\t\n\n<h2 class=\"uppercase\" data-line-height=\"s\">Learn and succeed in any situation<\/h2>\n<p>You are coming from abroad and have difficulty learning French.<\/p>\n<p>You have learning disabilities, a mild disability or health problems.<\/p>\n<p>You have had an accident or are suffering from an illness that prevents you from progressing at a standard rate.<\/p>\n<p>Whatever your learning issues and objectives, academic or professional, Benk\u2019s coaches can help you achieve your goals, based on your real needs and abilities.<\/p>\n<p>Your health, personal (family, social), educational and professional situation is taken into account by our trainers.<\/p>\n\n\t\t<\/div>\n\t\t\t\t\t<\/div>\n\n\t\n\n<\/div>\n\n\t\t<\/div>\n\n\t\t\n<style>\n#section_75315127 {\n  padding-top: 30px;\n  padding-bottom: 30px;\n}\n<\/style>\n\t<\/section>\n\t\n\n\t<section class=\"section\" id=\"section_241293983\">\n\t\t<div class=\"section-bg fill\" >\n\t\t\t\t\t\t\t\t\t\n\t\t\t\n\n\t\t<\/div>\n\n\t\t\n\n\t\t<div class=\"section-content relative\">\n\t\t\t\n\n<div class=\"row align-middle\"  id=\"row-1752296322\">\n\n\n\t<div id=\"col-422373475\" class=\"col medium-8 small-12 large-8\"  >\n\t\t\t\t<div class=\"col-inner\"  >\n\t\t\t\n\t\t\t\n\n<h2 class=\"uppercase\" data-line-height=\"s\">Our personalized coaching methods<\/h2>\n<p>Benk\u2019s personalized coaching methods take into account the personal, family, social and educational factors of those with special learning needs.<\/p>\n<p>Our specific and dedicated methods consist of:<\/p>\n<ul>\n<li>Define learning strategies according to your difficulties or blockages,<\/li>\n<li>Develop your autonomy and regular work,<\/li>\n<li>Learn to manage your time and your personal organization,<\/li>\n<li>Increase concentration and attention,<\/li>\n<li>Improve your self-confidence and behaviour.<\/li>\n<\/ul>\n<p>Benk\u2019s trainers offer you individual solutions that meet your needs and objectives.<\/p>\n<a class=\"button primary lowercase\" style=\"border-radius:10px;\">\n\t\t<span>Our approach<\/span>\n\t<\/a>\n\n\n\n\t\t<\/div>\n\t\t\t\t\t<\/div>\n\n\t\n\n\t<div id=\"col-569524248\" class=\"col medium-4 small-12 large-4\"  >\n\t\t\t\t<div class=\"col-inner\"  >\n\t\t\t\n\t\t\t\n\n\t<div class=\"img has-hover x md-x lg-x y md-y lg-y\" id=\"image_579249712\">\n\t\t\t\t\t\t\t\t<div class=\"img-inner image-cover dark\" style=\"padding-top:75%;\">\n\t\t\t<img loading=\"lazy\" decoding=\"async\" width=\"1020\" height=\"680\" src=\"https:\/\/www.benk.ch\/wp-content\/uploads\/2019\/09\/31-1030x687.jpg\" class=\"attachment-large size-large\" alt=\"\" srcset=\"https:\/\/www.benk.ch\/wp-content\/uploads\/2019\/09\/31-1030x687.jpg 1030w, https:\/\/www.benk.ch\/wp-content\/uploads\/2019\/09\/31-510x340.jpg 510w, https:\/\/www.benk.ch\/wp-content\/uploads\/2019\/09\/31-300x200.jpg 300w, https:\/\/www.benk.ch\/wp-content\/uploads\/2019\/09\/31-768x512.jpg 768w, https:\/\/www.benk.ch\/wp-content\/uploads\/2019\/09\/31-1500x1000.jpg 1500w, https:\/\/www.benk.ch\/wp-content\/uploads\/2019\/09\/31-705x470.jpg 705w, https:\/\/www.benk.ch\/wp-content\/uploads\/2019\/09\/31.jpg 1920w\" sizes=\"auto, (max-width: 1020px) 100vw, 1020px\" \/>\t\t\t\t\t\t\n\t\t\t\t\t<\/div>\n\t\t\t\t\t\t\t\t\n<style>\n#image_579249712 {\n  width: 100%;\n}\n<\/style>\n\t<\/div>\n\t\n\n\n\t\t<\/div>\n\t\t\t\t\t<\/div>\n\n\t\n\n<\/div>\n\n\t\t<\/div>\n\n\t\t\n<style>\n#section_241293983 {\n  padding-top: 30px;\n  padding-bottom: 30px;\n  background-color: rgb(248, 248, 248);\n}\n<\/style>\n\t<\/section>\n\t\n\n\t<section class=\"section\" id=\"section_1161865611\">\n\t\t<div class=\"section-bg fill\" >\n\t\t\t\t\t\t\t\t\t\n\t\t\t\n\n\t\t<\/div>\n\n\t\t\n\n\t\t<div class=\"section-content relative\">\n\t\t\t\n\n<div class=\"slider-wrapper relative\" id=\"slider-892320140\" >\n    <div class=\"slider slider-nav-circle slider-nav-large slider-nav-light slider-style-normal\"\n        data-flickity-options='{\n            \"cellAlign\": \"center\",\n            \"imagesLoaded\": true,\n            \"lazyLoad\": 1,\n            \"freeScroll\": false,\n            \"wrapAround\": true,\n            \"autoPlay\": 6000,\n            \"pauseAutoPlayOnHover\" : true,\n            \"prevNextButtons\": true,\n            \"contain\" : true,\n            \"adaptiveHeight\" : true,\n            \"dragThreshold\" : 10,\n            \"percentPosition\": true,\n            \"pageDots\": true,\n            \"rightToLeft\": false,\n            \"draggable\": true,\n            \"selectedAttraction\": 0.1,\n            \"parallax\" : 0,\n            \"friction\": 0.6        }'\n        >\n        \n\n\n  <div class=\"banner has-hover\" id=\"banner-1740753734\">\n          <div class=\"banner-inner fill\">\n        <div class=\"banner-bg fill\" >\n            <img loading=\"lazy\" decoding=\"async\" width=\"1020\" height=\"573\" src=\"https:\/\/www.benk.ch\/wp-content\/uploads\/2021\/12\/Copie-de-Design-sans-nom-1030x579.png\" class=\"bg attachment-large size-large\" alt=\"\" \/>                        <div class=\"overlay\"><\/div>            \n                    <\/div>\n\t\t\n        <div class=\"banner-layers container\">\n            <div class=\"fill banner-link\"><\/div>            \n\n   <div id=\"text-box-2068534606\" class=\"text-box banner-layer x50 md-x50 lg-x50 y50 md-y50 lg-y50 res-text\">\n                                <div class=\"text-box-content text dark\">\n              \n              <div class=\"text-inner text-center\">\n                  \n\n\t<div id=\"text-2233624473\" class=\"text\">\n\t\t\n\n<p style=\"text-align: center;\">Je souffrais depuis toujours de troubles de l\u2019apprentissage qui n\u2019ont pas \u00e9t\u00e9<\/p>\n<p style=\"text-align: center;\">d\u00e9tect\u00e9s \u00e0 mon \u00e9poque (dyslexie, dyscalculie, trouble de l\u2019attention et de<\/p>\n<p style=\"text-align: center;\">m\u00e9morisation). Apr\u00e8s un grave accident, mes capacit\u00e9s ont diminu\u00e9es.<\/p>\n<p style=\"text-align: center;\">J\u2019ai fait appel \u00e0 Benk pour m\u2019aider \u00e0 reprendre des \u00e9tudes et avec succ\u00e8s. Ils<\/p>\n<p style=\"text-align: center;\">m\u2019ont compris et soutenu efficacement.<\/p>\n<p>&nbsp;<\/p>\n\t\t\n<style>\n#text-2233624473 {\n  line-height: 0.75;\n  text-align: center;\n}\n<\/style>\n\t<\/div>\n\t\n\t<div id=\"text-345081643\" class=\"text\">\n\t\t\n\n<p style=\"text-align: center;\"><strong>Pierre, 43 ans<\/strong><\/p>\n\t\t\n<style>\n#text-345081643 {\n  line-height: 0.75;\n}\n<\/style>\n\t<\/div>\n\t\n\n              <\/div>\n           <\/div>\n                            \n<style>\n#text-box-2068534606 {\n  width: 95%;\n}\n#text-box-2068534606 .text-box-content {\n  font-size: 100%;\n}\n<\/style>\n    <\/div>\n \n\n        <\/div>\n      <\/div>\n\n            \n<style>\n#banner-1740753734 {\n  padding-top: 280px;\n}\n#banner-1740753734 .overlay {\n  background-color: rgba(0, 0, 0, 0.221);\n}\n#banner-1740753734 .banner-bg img {\n  object-position: 10% 70%;\n}\n<\/style>\n  <\/div>\n\n\n\n     <\/div>\n\n     <div class=\"loading-spin dark large centered\"><\/div>\n\n\t<\/div>\n\n\n\n\t\t<\/div>\n\n\t\t\n<style>\n#section_1161865611 {\n  padding-top: 0px;\n  padding-bottom: 0px;\n  background-color: rgb(0, 146, 213);\n}\n<\/style>\n\t<\/section>\n\t\n\t<div id=\"gap-610284368\" class=\"gap-element clearfix\" style=\"display:block; height:auto;\">\n\t\t\n<style>\n#gap-610284368 {\n  padding-top: 30px;\n}\n<\/style>\n\t<\/div>\n\t\n\n<div class=\"container section-title-container\" ><h3 class=\"section-title section-title-normal\"><b aria-hidden=\"true\"><\/b><span class=\"section-title-main\" >En relation avec le sujet<\/span><b aria-hidden=\"true\"><\/b><\/h3><\/div>\n\n\n\t<section class=\"section\" id=\"section_2123543867\">\n\t\t<div class=\"section-bg fill\" >\n\t\t\t\t\t\t\t\t\t\n\t\t\t\n\n\t\t<\/div>\n\n\t\t\n\n\t\t<div class=\"section-content relative\">\n\t\t\t\n\n<div class=\"row\"  id=\"row-1922154726\">\n\n\n\t<div id=\"col-388208520\" class=\"col medium-4 small-12 large-4\"  >\n\t\t\t\t<div class=\"col-inner\"  >\n\t\t\t\n\t\t\t\n\n\t<div class=\"img has-hover x md-x lg-x y md-y lg-y\" id=\"image_856842519\">\n\t\t\t\t\t\t\t\t<div class=\"img-inner image-cover dark\" style=\"padding-top:75%;\">\n\t\t\t<img loading=\"lazy\" decoding=\"async\" width=\"1020\" height=\"680\" src=\"https:\/\/www.benk.ch\/wp-content\/uploads\/2019\/08\/3-1030x687.png\" class=\"attachment-large size-large\" alt=\"Soutien scolaire HPI\" srcset=\"https:\/\/www.benk.ch\/wp-content\/uploads\/2019\/08\/3-1030x687.png 1030w, https:\/\/www.benk.ch\/wp-content\/uploads\/2019\/08\/3-510x340.png 510w, https:\/\/www.benk.ch\/wp-content\/uploads\/2019\/08\/3-300x200.png 300w, https:\/\/www.benk.ch\/wp-content\/uploads\/2019\/08\/3-768x512.png 768w, https:\/\/www.benk.ch\/wp-content\/uploads\/2019\/08\/3-1500x1000.png 1500w, https:\/\/www.benk.ch\/wp-content\/uploads\/2019\/08\/3-705x470.png 705w, https:\/\/www.benk.ch\/wp-content\/uploads\/2019\/08\/3.png 1920w\" sizes=\"auto, (max-width: 1020px) 100vw, 1020px\" \/>\t\t\t\t\t\t\n\t\t\t\t\t<\/div>\n\t\t\t\t\t\t\t\t\n<style>\n#image_856842519 {\n  width: 100%;\n}\n<\/style>\n\t<\/div>\n\t\n\n<p>Qui dit \u00ab&nbsp;haut potentiel&nbsp;\u00bb (HP) dit rythme de d\u00e9veloppement intellectuel sup\u00e9rieur \u00e0 la moyenne mais aussi forte intelligence \u00e9motionnelle .<\/p>\n<p>Vous voulez en savoir plus ?<\/p>\n<a class=\"button primary lowercase expand\" style=\"border-radius:10px;\">\n\t\t<span>Les Hauts Potentiels (HP)<\/span>\n\t<\/a>\n\n\n\n\t\t<\/div>\n\t\t\t\t\t<\/div>\n\n\t\n\n\t<div id=\"col-369456011\" class=\"col medium-4 small-12 large-4\"  >\n\t\t\t\t<div class=\"col-inner\"  >\n\t\t\t\n\t\t\t\n\n\t<div class=\"img has-hover x md-x lg-x y md-y lg-y\" id=\"image_282552908\">\n\t\t\t\t\t\t\t\t<div class=\"img-inner image-cover dark\" style=\"padding-top:75%;\">\n\t\t\t<img loading=\"lazy\" decoding=\"async\" width=\"640\" height=\"400\" src=\"https:\/\/www.benk.ch\/wp-content\/uploads\/2019\/02\/formation_enfants_autonomes.jpg\" class=\"attachment-large size-large\" alt=\"\" srcset=\"https:\/\/www.benk.ch\/wp-content\/uploads\/2019\/02\/formation_enfants_autonomes.jpg 640w, https:\/\/www.benk.ch\/wp-content\/uploads\/2019\/02\/formation_enfants_autonomes-510x319.jpg 510w, https:\/\/www.benk.ch\/wp-content\/uploads\/2019\/02\/formation_enfants_autonomes-300x188.jpg 300w\" sizes=\"auto, (max-width: 640px) 100vw, 640px\" \/>\t\t\t\t\t\t\n\t\t\t\t\t<\/div>\n\t\t\t\t\t\t\t\t\n<style>\n#image_282552908 {\n  width: 100%;\n}\n<\/style>\n\t<\/div>\n\t\n\n<p>Si un trouble DYS, dyslexie, dysorthographie, dysgraphie ou dyscalculie etc\u2026 vous emp\u00eachent de progresser, les coaches de Benk, sp\u00e9cialistes des troubles DYS our enfants, ont votre solution, en accompagnement et solution personnalis\u00e9e.<\/p>\n<p>&nbsp;<\/p>\n<a class=\"button primary lowercase expand\" style=\"border-radius:10px;\">\n\t\t<span>Les enfants DYS<\/span>\n\t<\/a>\n\n\n\n\t\t<\/div>\n\t\t\t\t\t<\/div>\n\n\t\n\n\t<div id=\"col-1264613218\" class=\"col medium-4 small-12 large-4\"  >\n\t\t\t\t<div class=\"col-inner\"  >\n\t\t\t\n\t\t\t\n\n\t<div class=\"img has-hover x md-x lg-x y md-y lg-y\" id=\"image_1355844661\">\n\t\t\t\t\t\t\t\t<div class=\"img-inner image-cover dark\" style=\"padding-top:75%;\">\n\t\t\t<img loading=\"lazy\" decoding=\"async\" width=\"1020\" height=\"680\" src=\"https:\/\/www.benk.ch\/wp-content\/uploads\/2019\/08\/Sans-titre-3-1030x687.png\" class=\"attachment-large size-large\" alt=\"cours de fran\u00e7ais\" srcset=\"https:\/\/www.benk.ch\/wp-content\/uploads\/2019\/08\/Sans-titre-3-1030x687.png 1030w, https:\/\/www.benk.ch\/wp-content\/uploads\/2019\/08\/Sans-titre-3-510x340.png 510w, https:\/\/www.benk.ch\/wp-content\/uploads\/2019\/08\/Sans-titre-3-300x200.png 300w, https:\/\/www.benk.ch\/wp-content\/uploads\/2019\/08\/Sans-titre-3-768x512.png 768w, https:\/\/www.benk.ch\/wp-content\/uploads\/2019\/08\/Sans-titre-3-1500x1000.png 1500w, https:\/\/www.benk.ch\/wp-content\/uploads\/2019\/08\/Sans-titre-3-705x470.png 705w, https:\/\/www.benk.ch\/wp-content\/uploads\/2019\/08\/Sans-titre-3.png 1920w\" sizes=\"auto, (max-width: 1020px) 100vw, 1020px\" \/>\t\t\t\t\t\t\n\t\t\t\t\t<\/div>\n\t\t\t\t\t\t\t\t\n<style>\n#image_1355844661 {\n  width: 100%;\n}\n<\/style>\n\t<\/div>\n\t\n\n<p>Augmentez vos comp\u00e9tences en apprenant une langue, pour votre carri\u00e8re professionnelle ou au niveau personnel et familial.&nbsp;<\/p>\n<p>Apprenez le fran\u00e7ais, l\u2019anglais, l\u2019allemand ou l\u2019italien !<\/p>\n<a class=\"button primary lowercase expand\" style=\"border-radius:10px;\">\n\t\t<span>Les langues<\/span>\n\t<\/a>\n\n\n\n\t\t<\/div>\n\t\t\t\t\t<\/div>\n\n\t\n\n<\/div>\n\n\t\t<\/div>\n\n\t\t\n<style>\n#section_2123543867 {\n  padding-top: 30px;\n  padding-bottom: 30px;\n}\n<\/style>\n\t<\/section>\n\t\n","protected":false},"excerpt":{"rendered":"","protected":false},"author":2,"featured_media":0,"parent":4557,"menu_order":0,"comment_status":"closed","ping_status":"closed","template":"page-blank.php","meta":{"inline_featured_image":false,"footnotes":""},"wf_page_folders":[],"class_list":["post-4568","page","type-page","status-publish","hentry"],"_links":{"self":[{"href":"https:\/\/www.benk.ch\/en\/wp-json\/wp\/v2\/pages\/4568","targetHints":{"allow":["GET"]}}],"collection":[{"href":"https:\/\/www.benk.ch\/en\/wp-json\/wp\/v2\/pages"}],"about":[{"href":"https:\/\/www.benk.ch\/en\/wp-json\/wp\/v2\/types\/page"}],"author":[{"embeddable":true,"href":"https:\/\/www.benk.ch\/en\/wp-json\/wp\/v2\/users\/2"}],"replies":[{"embeddable":true,"href":"https:\/\/www.benk.ch\/en\/wp-json\/wp\/v2\/comments?post=4568"}],"version-history":[{"count":0,"href":"https:\/\/www.benk.ch\/en\/wp-json\/wp\/v2\/pages\/4568\/revisions"}],"up":[{"embeddable":true,"href":"https:\/\/www.benk.ch\/en\/wp-json\/wp\/v2\/pages\/4557"}],"wp:attachment":[{"href":"https:\/\/www.benk.ch\/en\/wp-json\/wp\/v2\/media?parent=4568"}],"wp:term":[{"taxonomy":"wf_page_folders","embeddable":true,"href":"https:\/\/www.benk.ch\/en\/wp-json\/wp\/v2\/wf_page_folders?post=4568"}],"curies":[{"name":"wp","href":"https:\/\/api.w.org\/{rel}","templated":true}]}}